{"id":2,"date":"2016-04-10T10:30:33","date_gmt":"2016-04-10T09:30:33","guid":{"rendered":"http:\/\/carrefourlaiqueaubenas.fr\/?page_id=2"},"modified":"2016-04-15T14:20:33","modified_gmt":"2016-04-15T13:20:33","slug":"page-d-exemple","status":"publish","type":"page","link":"https:\/\/carrefourlaiqueaubenas.fr\/index.php\/page-d-exemple\/","title":{"rendered":"Qui sommes nous?"},"content":{"rendered":"<p>Le Carrefour La\u00efque d\u2019Aubenas, dont le si\u00e8ge est \u00e0 Aubenas sous l\u2019impulsion de la F\u00e9d\u00e9ration des OEuvres<br \/>\nLa\u00efques de l\u2019Ard\u00e8che, et dans le droit fil des Cercles Condorcet de la Ligue de l\u2019Enseignement, s\u2019est cr\u00e9\u00e9 en<br \/>\n1996. Il a depuis lors d\u00e9velopp\u00e9 une activit\u00e9 soutenue sous forme de conf\u00e9rences, de sorties, de moments<br \/>\nconviviaux. Il repr\u00e9sente un \u00e9l\u00e9ment incontournable de la vie associative dans le bassin albenassien avec un<br \/>\npublic en augmentation tr\u00e8s divers et qui se fid\u00e9lise. Il a nou\u00e9 depuis plusieurs ann\u00e9es un partenariat r\u00e9gulier<br \/>\navec la radio locale \u00ab Fr\u00e9quence 7 \u00bb qui enregistre et rediffuse les conf\u00e9rences. Il a nou\u00e9 \u00e9galement des<br \/>\npartenariats avec Terre des Hommes, la Libre Pens\u00e9e, la Mutualit\u00e9 fran\u00e7aise, l\u2019ARAC, M\u00e9moire d\u2019Ard\u00e8che et<br \/>\nTemps pr\u00e9sent, les amicales la\u00efques de Villeneuve-de-Berg et de Chom\u00e9rac.<br \/>\nAu militantisme des adh\u00e9rents qui permet, avec des moyens financiers modestes de d\u00e9velopper une<br \/>\nactivit\u00e9 reconnue \u00e0 ce jour, s\u2019ajoute le d\u00e9sint\u00e9ressement des intervenants de grande qualit\u00e9 qui apportent<br \/>\nb\u00e9n\u00e9volement leurs comp\u00e9tences, leurs connaissances. Ces moments de rencontres et d\u2019\u00e9changes sont si<br \/>\nriches et si chaleureux qu\u2019ils conduisent plusieurs intervenants \u00e0 revenir. C\u2019est le cas de Nelson Monfort,<br \/>\nRaymond Aubrac, Henri P\u00e9na-Ruiz, Robert Charvin, Jean Barrot, Henri Pascal, Francis Hall\u00e9, Yves Morel,<br \/>\nMichel Parmentier, S\u2019ajoute \u00e9galement le soutien r\u00e9gulier des municipalit\u00e9s voisines qui mettent gracieusement<br \/>\nleur salle polyvalente \u00e0 notre disposition.<br \/>\nLachapelle- sous- Aubenas, St-Etienne-de-Fontbellon, Ucel, Mercuer, Ailhon, Thueyts, Saint-Julien-du-<br \/>\nSerre, Villeneuve-de-Berg, Lab\u00e9gude t\u00e9moignent ainsi de l\u2019int\u00e9r\u00eat pour notre association et contribuent \u00e0 son<br \/>\nrayonnement.<br \/>\nLa g\u00e9n\u00e9rosit\u00e9 des participants, l\u2019aide financi\u00e8re de la municipalit\u00e9 d\u2019Aubenas, du Conseil D\u00e9partemental,du<br \/>\nConseil R\u00e9gional, la mise \u00e0 disposition du Centre Etienne Le Bournot, et la rigueur de notre gestion permettent<br \/>\nde pr\u00e9senter un programme de grande qualit\u00e9 qui s\u2019\u00e9toffe d\u2019ann\u00e9e en ann\u00e9e. La fr\u00e9quence des conf\u00e9rences<br \/>\naugmente (plus de 180 conf\u00e9rences en 20 ans) La nature de ses activit\u00e9s se diversifie : conf\u00e9rences, spectacles,<br \/>\nprojections de films, visites d\u2019expositions. Certaines se p\u00e9rennisent comme le \u00ab Printemps de la la\u00efcit\u00e9 \u00bb depuis<br \/>\n8 ans ou la \u00ab journ\u00e9e patrimoine \u00bb depuis 10 ans.<br \/>\nLe champ de la connaissance est illimit\u00e9. Tout ce qui touche \u00e0 l\u2019activit\u00e9 humaine est digne d\u2019int\u00e9r\u00eat, source de<br \/>\nr\u00e9flexion et contribue \u00e0 l\u2019\u00e9panouissement du citoyen. C\u2019est pourquoi nous abordons les th\u00e8mes les plus vari\u00e9s<br \/>\nsans tabou et dans le respect des convictions de chacun, dans le droit fil de la r\u00e9flexion de Condorcet :\u00abm\u00eame<br \/>\nsous la Constitution la plus libre, un peuple ignorant est esclave \u00bb.<br \/>\n<strong>La pr\u00e9sidente<br \/>\nMireille PONTON<\/strong><\/p>\n<p>&nbsp;<\/p>\n<p class=\"spip\">CONTACTS<br \/>\nMireille Ponton<br \/>\nE-Mail\u00a0: mireille.ponton@wanadoo.fr<\/p>\n","protected":false},"excerpt":{"rendered":"<p>Le Carrefour La\u00efque d\u2019Aubenas, dont le si\u00e8ge est \u00e0 Aubenas sous l\u2019impulsion de la F\u00e9d\u00e9ration des OEuvres La\u00efques de l\u2019Ard\u00e8che, et dans le droit fil des Cercles Condorcet de la Ligue de l\u2019Enseignement, s\u2019est cr\u00e9\u00e9 en 1996. Il a depuis lors d\u00e9velopp\u00e9 une activit\u00e9 soutenue sous forme de conf\u00e9rences, de \u2026<\/p>\n<p class=\"continue-reading-button\"> <a class=\"continue-reading-link\" href=\"https:\/\/carrefourlaiqueaubenas.fr\/index.php\/page-d-exemple\/\">Lire la suite<i class=\"crycon-right-dir\"><\/i><\/a><\/p>\n","protected":false},"author":1,"featured_media":0,"parent":0,"menu_order":0,"comment_status":"closed","ping_status":"open","template":"","meta":{"footnotes":""},"class_list":["post-2","page","type-page","status-publish","hentry"],"_links":{"self":[{"href":"https:\/\/carrefourlaiqueaubenas.fr\/index.php\/wp-json\/wp\/v2\/pages\/2","targetHints":{"allow":["GET"]}}],"collection":[{"href":"https:\/\/carrefourlaiqueaubenas.fr\/index.php\/wp-json\/wp\/v2\/pages"}],"about":[{"href":"https:\/\/carrefourlaiqueaubenas.fr\/index.php\/wp-json\/wp\/v2\/types\/page"}],"author":[{"embeddable":true,"href":"https:\/\/carrefourlaiqueaubenas.fr\/index.php\/wp-json\/wp\/v2\/users\/1"}],"replies":[{"embeddable":true,"href":"https:\/\/carrefourlaiqueaubenas.fr\/index.php\/wp-json\/wp\/v2\/comments?post=2"}],"version-history":[{"count":5,"href":"https:\/\/carrefourlaiqueaubenas.fr\/index.php\/wp-json\/wp\/v2\/pages\/2\/revisions"}],"predecessor-version":[{"id":55,"href":"https:\/\/carrefourlaiqueaubenas.fr\/index.php\/wp-json\/wp\/v2\/pages\/2\/revisions\/55"}],"wp:attachment":[{"href":"https:\/\/carrefourlaiqueaubenas.fr\/index.php\/wp-json\/wp\/v2\/media?parent=2"}],"curies":[{"name":"wp","href":"https:\/\/api.w.org\/{rel}","templated":true}]}}